{"id":75,"date":"2018-09-16T07:18:20","date_gmt":"2018-09-16T07:18:20","guid":{"rendered":"http:\/\/wp.bergsaenger-geyer.de\/?page_id=75"},"modified":"2020-01-16T16:23:53","modified_gmt":"2020-01-16T16:23:53","slug":"das-ensemble","status":"publish","type":"page","link":"https:\/\/bergsaenger-geyer.de\/?page_id=75","title":{"rendered":"Das Ensemble"},"content":{"rendered":"<p align=\"justify\"><span class=\"Textanfang\">D<\/span>as Gesangsquartett &#8222;Bergs\u00e4nger Geyer&#8220; besteht seit 1996. Angefangen hat alles am Clara-Wieck-Gymnasium in Zwickau, an dem wir uns 1991 kennen lernten.<\/p>\n<p class=\"Fliesstext\" align=\"justify\"><span class=\"Textanfang\">W<\/span>\u00e4hrend der Vorbereitungen zu unserer Abiturfeier, wurden wir, die damals noch &#8222;Namenlosen&#8220; gefragt, ob wir nicht ein Lied intonieren k\u00f6nnten. Da wir alle an unserer Schule eine Gesangsausbildung hatten und auch im Chor der Schule sehr engagiert waren, sagten wir zu, nichts ahnend was f\u00fcr Konsequenzen dieses Unternehmen haben sollte. Der Auftritt war ein voller Erfolg.<\/p>\n<p class=\"Fliesstext\" align=\"justify\"><span class=\"Textanfang\">J<\/span>edoch ging nach der Schule erst einmal jeder seiner Wege. Dirk, unser II. Bass, ging nach London und die anderen drei leisteten ihren Dienst f\u00fcr den Staat. Doch lie\u00df uns die Freude am gemeinsamen Singen nicht los, und da unsere Freundschaft auch nach der Schule andauerte, entschlossen wir uns unser Gesangsquartett wieder aufleben zu lassen.\u00a0 Mit gro\u00dfer Unterst\u00fctzung von Herrn Dietmar Meyer dem Leiter der\u00a0 Erzgebirgsgruppe \u201eBinge Maad\u201c und dem M\u00e4nnerchor Geyer, der uns mit Gesangss\u00e4tzen f\u00fcr M\u00e4nnerstimmen aus dem erzgebirgisch-bergm\u00e4nnischen Liedgut versah, hatten wir schnell ein Genre gefunden, in welchem wir Spa\u00df am musizieren hatten und haben. Die alten Traditionen der Bergs\u00e4nger und Bergmusikanten, die in der Zeit des aktiven Bergbaus im Erzgebirge und der Bergstadt Geyer existierten, inspirierten uns dazu unter dem Namen &#8222;Bergs\u00e4nger Geyer&#8220; aufzutreten. Auch inhaltlich versuchten wir uns an unseren historischen Vorbildern zu orientieren. Um das, was die Bergs\u00e4nger Geyer musikalisch zu repr\u00e4sentieren versuchen, besser zu verstehen und damit dem Publikum auch authentischer nahe\u00a0 bringen zu k\u00f6nnen, nutzten Dirk und Tilo, unser I. Bass,\u00a0 die Gelegenheit in ihren Examensarbeiten\u00a0 die Themen \u201eDie Traditionen der Bergs\u00e4nger\u201c und \u201eBergmusik im Erzgebirge\u201c auch im Blick auf die gemeinsame musikalische Arbeit zu erschlie\u00dfen.<\/p>\n<p class=\"Fliesstext\" align=\"justify\"><span class=\"Textanfang\">U<\/span>nd so sind es nun schon mehr als 20 Jahre die wir durch die deutschen Lande ziehen und unserem Publikum\u00a0 unsere erzgebirgisch-bergm\u00e4nnischen Traditionen pr\u00e4sentieren. Wir bieten in unseren Programmen unseren Zuh\u00f6rern\u00a0 \u00fcberlieferte und bekannte Lieder gepaart mit heiteren und informativen\u00a0 Sprechtexte, zum besseren kennen lernen unserer erzgebirgischen Heimat. Mittlerweile k\u00f6nnen wir auf Hunderte Auftritte zur\u00fcckblicken, die sich nicht nur auf Deutschland und nicht nur auf die B\u00fchne beschr\u00e4nkten. So sangen wir beispielsweise 1998 in \u00d6sterreich, 2003 in Taiwan und sind seit\u00a0 1997 regelm\u00e4\u00dfig im Fernsehen zu Gast.<\/p>\n<p class=\"Fliesstext\" align=\"justify\"><span style=\"font-size: inherit;\">Im Jahr 2005 dann die gro\u00dfe \u00dcberraschung f\u00fcr uns. Wir haben uns beim Radiosender R.SA beworben um bei deren gro\u00dfen j\u00e4hrlichem Pfingstreffen\u00a0 dabei zu sein. Und tats\u00e4chlich haben wir es geschafft, mit Liedern aus den 80ern, von uns bearbeitet und eingespielt haben wir dann Gl\u00fcck gehabt, oder wie J\u00fcrgen Karney sinngem\u00e4\u00df sagte &#8222;Qualit\u00e4t setzt sich durch&#8220; und waren live dabei auf der Waldb\u00fchne Schwarzenberg und sangen Gr\u00f6nemeyers &#8222;Mambo&#8220; und anderes. Eine fantastische Atmosph\u00e4re und eine wirkliche gelungene Pr\u00e4sentation der Bergs\u00e4nger aus Geyer haben diesen Auftritt zusammen mit Paul Young, Jimmy Sommerville, Karat, Sailor u.a. zu einem weiteren H\u00f6hepunkt f\u00fcr uns werden lassen.<\/span><\/p>\n<p class=\"Fliesstext\" align=\"justify\"><span class=\"Textanfang\">E<\/span>inen weiteren Erfolg durften wir dann 2007 erleben. Mit den Liedern &#8222;Haamit&#8220; und &#8222;Setz dich zu mir&#8220; aus den Federn von C.A. Guso sowie unserem II. Bass gewannen wir die &#8222;Wei\u00df-Gr\u00fcne-Hitparade&#8220; der Volksmusik in Bischofwerda. (mdr-berichtete).<\/p>\n<p align=\"justify\"><em><strong>Traditionell\/Modern<\/strong><\/em><\/p>\n<p align=\"justify\">Neben der <em>traditionellen Musikpflege<\/em> (hier werden bergm\u00e4nnische und erzgebirgische Weisen im a capella Vortrag und mit\u00a0 traditionellen Instrumenten begleitet pr\u00e4sentiert) gibt es den <em>modernen Anspruch<\/em>. Hierbei werden Eigenkompositionen und beliebte erzgebirgische\u00a0 Lieder in das musikalische Gewand des 21. Jahrhundert geh\u00fcllt.\u00a0 Diese Art erzgebirgische Musik zu pr\u00e4sentieren spricht auch ein junges Publikum an und ist damit fester Bestandteil in unseren Programmen.<\/p>\n<p class=\"Fliesstext\" align=\"justify\">Die Bergs\u00e4nger Geyer sind mit ihrer <strong>traditionellen Musik<\/strong> und eigenen\u00a0 Kompositionen auf den CDs &#8222;<a href=\"https:\/\/musik-aus-dem-erzgebirge.de\/p\/winterweisse-bergweihnacht\">Winterwei\u00dfe Bergweihnacht&#8220;<\/a> (2001) und <a href=\"https:\/\/musik-aus-dem-erzgebirge.de\/p\/a-gahr-gieht-dahie\">&#8222;A Gahr gieht dahie&#8220;<\/a> (2003) sowie auf zahlreichen Samplern zu h\u00f6ren.\u00a0 Die besondere Verbindung zu unserem bekannten und wohl ber\u00fchmtesten Liedermacher des Erzgebirges &#8222;Anton G\u00fcnther&#8220; wird durch die Produktion<a href=\"https:\/\/musik-aus-dem-erzgebirge.de\/p\/gruss-an-de-haamit-anton-guenther-jubilaeum-edition\"> &#8222;Gru\u00df an de Haamit&#8220;<\/a> zu seinem 70. Todesjahr belegt.<\/p>\n<p class=\"Fliesstext\" align=\"justify\">Die <strong>traditionell modernen Lieder<\/strong> finden sich auf den CDs <a href=\"https:\/\/musik-aus-dem-erzgebirge.de\/p\/schneegestoeber-weihnacht-is-de-schennste-zeit\">&#8222;Schneegest\u00f6ber&#8220;<\/a>, <a href=\"https:\/\/musik-aus-dem-erzgebirge.de\/p\/schwibbrock-nu-packt-er-aus-dr-weihnachtsmaa\">&#8222;SchwibbRock&#8220;<\/a> u.a.\u00a0 <span class=\"Textanfang\">I<\/span><\/p>\n<p class=\"Fliesstext\" align=\"justify\"><span class=\"Textanfang\">W<\/span>ir hoffen, dass wir an dieser Stelle noch einige Kapitel in den n\u00e4chsten Jahren hinzuf\u00fcgen k\u00f6nnen.<\/p>\n<p class=\"link\">\n","protected":false},"excerpt":{"rendered":"<p>Das Gesangsquartett &#8222;Bergs\u00e4nger Geyer&#8220; besteht seit 1996. Angefangen hat alles am Clara-Wieck-Gymnasium in Zwickau, an dem wir uns 1991 kennen lernten. W\u00e4hrend der Vorbereitungen zu unserer Abiturfeier, wurden wir, die &#8230;<\/p>\n","protected":false},"author":1,"featured_media":0,"parent":0,"menu_order":0,"comment_status":"closed","ping_status":"closed","template":"","meta":{"footnotes":""},"class_list":["post-75","page","type-page","status-publish","hentry"],"_links":{"self":[{"href":"https:\/\/bergsaenger-geyer.de\/index.php?rest_route=\/wp\/v2\/pages\/75","targetHints":{"allow":["GET"]}}],"collection":[{"href":"https:\/\/bergsaenger-geyer.de\/index.php?rest_route=\/wp\/v2\/pages"}],"about":[{"href":"https:\/\/bergsaenger-geyer.de\/index.php?rest_route=\/wp\/v2\/types\/page"}],"author":[{"embeddable":true,"href":"https:\/\/bergsaenger-geyer.de\/index.php?rest_route=\/wp\/v2\/users\/1"}],"replies":[{"embeddable":true,"href":"https:\/\/bergsaenger-geyer.de\/index.php?rest_route=%2Fwp%2Fv2%2Fcomments&post=75"}],"version-history":[{"count":4,"href":"https:\/\/bergsaenger-geyer.de\/index.php?rest_route=\/wp\/v2\/pages\/75\/revisions"}],"predecessor-version":[{"id":254,"href":"https:\/\/bergsaenger-geyer.de\/index.php?rest_route=\/wp\/v2\/pages\/75\/revisions\/254"}],"wp:attachment":[{"href":"https:\/\/bergsaenger-geyer.de\/index.php?rest_route=%2Fwp%2Fv2%2Fmedia&parent=75"}],"curies":[{"name":"wp","href":"https:\/\/api.w.org\/{rel}","templated":true}]}}